
{"id":1467,"date":"2016-05-26T10:09:18","date_gmt":"2016-05-26T10:09:18","guid":{"rendered":"https:\/\/www.casasrurales.net\/blog\/aviso-legal\/"},"modified":"2020-11-27T10:27:45","modified_gmt":"2020-11-27T10:27:45","slug":"avis-juridique","status":"publish","type":"page","link":"https:\/\/www.gites.net\/blog\/avis-juridique","title":{"rendered":"Avis juridique"},"content":{"rendered":"<p><b>AVIS JURIDIQUE<\/b><\/p>\n<p><strong>1.\u00a0<\/strong><b>Propri\u00e9t\u00e9 du site web.<\/b><\/p>\n<p><span style=\"font-weight: 400;\">Gites.net (ci-apr\u00e8s d\u00e9nomm\u00e9 le site web) est propri\u00e9t\u00e9 exclusive du soci\u00e9t\u00e9 RuralRentals S.L (ci-apr\u00e8s d\u00e9nomm\u00e9 le propri\u00e9taire) avec domicile C\/Sauceda 10, 28050 Madrid (Espagne) avec le num\u00e9ro d\u2019identification fiscale B-87248290. Num\u00e9ro de t\u00e9l\u00e9phone : 9170907907 et courrier \u00e9lectronique <\/span><a href=\"mailto:info@casasrurales.net\"><span style=\"font-weight: 400;\">info@gites.net<\/span><\/a><span style=\"font-weight: 400;\">.<\/span><\/p>\n<p><span style=\"font-weight: 400;\">Plus information sur le propri\u00e9taire\u00a0:\u00a0<\/span><\/p>\n<p><span style=\"font-weight: 400;\">Donn\u00e9s de r\u00e9servation dans le registre du commerce et des soci\u00e9t\u00e9s \u00e0 Madrid\u00a0:\u00a0 T 33270, F 136, S 8, H M 598712, I\/A 1<\/span><\/p>\n<p><span style=\"font-weight: 400;\">Date d\u2019enregistrement\u00a0: 08\/04\/2015<\/span><\/p>\n<p>&nbsp;<\/p>\n<p><strong>2.\u00a0<\/strong><b>Acc\u00e8s et utilisation du web.<\/b><\/p>\n<p><span style=\"font-weight: 400;\">L&rsquo;utilisation du site Web du propri\u00e9taire implique l&rsquo;acceptation compl\u00e8te et sans r\u00e9serve de chacune des dispositions contenues dans le pr\u00e9sent avis juridique.<\/span><\/p>\n<p>&nbsp;<\/p>\n<p><strong>3. <b>Majorit\u00e9 l\u00e9gale.<\/b><\/strong><\/p>\n<p><span style=\"font-weight: 400;\">L\u2019enregistrement de notre site web est adresse aux \u00e2g\u00e9es \u00e0 partir de 18 ans. Si l&rsquo;enregistrement d&rsquo;un mineur est d\u00e9tect\u00e9, ce compte sera automatiquement supprim\u00e9.<\/span><\/p>\n<p>&nbsp;<\/p>\n<p><strong>4.\u00a0<\/strong><b>Propri\u00e9t\u00e9 intellectuelle ou industrielle.<\/b><\/p>\n<p><span style=\"font-weight: 400;\">Le contenu de ce site Web comme par exemple des \u00e9crits, des images, des graphiques ou des codes source, est prot\u00e9g\u00e9 par des droits de propri\u00e9t\u00e9 intellectuelle ou industrielle.<\/span><\/p>\n<p>&nbsp;<\/p>\n<p><strong>5. <b>R\u00e8gles communes de l\u2019utilisation du site Web.<\/b><\/strong><\/p>\n<p><span style=\"font-weight: 400;\">L\u2019utilisateur s\u2019engage \u00e0 l\u2019utilisation du site Web conform\u00e9ment aux r\u00e8gles suivantes\u00a0:<\/span><\/p>\n<ul>\n<li><span style=\"font-weight: 400;\">Il ne diffusera pas de contenu \u00e0 caract\u00e8re commercial<\/span>.<\/li>\n<li><span style=\"font-weight: 400;\">Il ne recueillera pas de contenu ou d&rsquo;information provenant d&rsquo;autres utilisateurs<\/span>.<\/li>\n<li><span style=\"font-weight: 400;\">Il ne produira aucun virus informatique et\/ou code malveillant<\/span>.<\/li>\n<li><span style=\"font-weight: 400;\">Il ne sollicitera pas d&rsquo;information pour se connecter ou acc\u00e9der \u00e0 un compte appartenant \u00e0 un autre utilisateur<\/span>.<\/li>\n<li><span style=\"font-weight: 400;\">Il ne d\u00e9rangera, n&rsquo;intimidera ni ne harc\u00e8lera pas aucun utilisateur<\/span>.<\/li>\n<li><span style=\"font-weight: 400;\">Il ne commettra pas des actions ill\u00e9gales, fausses, malveillantes ou discriminatoires dans le site Web, conform\u00e9ment \u00e0 ces conditions et \u00e0 la l\u00e9gislation espagnole<\/span>.<\/li>\n<li><span style=\"font-weight: 400;\">Il ne fera pas rien qui pourrait mettre en danger la s\u00e9curit\u00e9 de votre compte, particuli\u00e8rement en ce qui concerne votre mot de passe. En fait, il communiquera tout incident concernant le mot de passe, le compte, la violation de la confidentialit\u00e9 de vos donn\u00e9es, le danger ou la menace d\u00e9tect\u00e9s dans la s\u00e9curit\u00e9 de vos donn\u00e9es<\/span>.<\/li>\n<\/ul>\n<p><span style=\"font-weight: 400;\">Le propri\u00e9taire aura droit de supprimer tout contenu ou d\u2019interrompre le service si, selon son propre crit\u00e8re, il n\u2019ex\u00e9cute pas toutes les r\u00e8gles et contraintes d\u00e9crits dans l\u2019avis juridique mentionn\u00e9 pr\u00e9c\u00e9demment.<\/span><\/p>\n<p><span style=\"font-weight: 400;\">Pour toute question ou explication concernant ces r\u00e8gles communautaires particuli\u00e8res ou ces conditions particuli\u00e8res, vous pouvez nous contacter via e-mail.<\/span><\/p>\n<p>&nbsp;<\/p>\n<p><strong>6. <b>Les liens et la limitation de responsabilit\u00e9<\/b>.<\/strong><\/p>\n<p><span style=\"font-weight: 400;\">La mis en place d\u2019un lien hypertexte n&rsquo;implique nullement l&rsquo;existence des liens entre le d\u00e9tenteur et le propri\u00e9taire du site Web dans laquelle ce lien soit \u00e9tabli, ni l\u2019approbation ou l\u2019agr\u00e9ment par la part du d\u00e9tenteur du contenu ou des services de ce lien. Les personnes qui ont l&rsquo;intention d&rsquo;\u00e9tablir un lien hypertexte pr\u00e9alablement, doivent requ\u00e9rir une autorisation sur papier au propri\u00e9taire. Dans tous les cas, le lien hypertexte permettra uniquement l\u2019acc\u00e8s au site Web. De la m\u00eame mani\u00e8re, il doit s\u2019abstenir de manifester des indications fausses, inexactes ou incorrectes contre du propri\u00e9taire, ou inclure aussi des contenus ill\u00e9gales contraire aux bonnes habitudes et l\u2019ordre public <\/span>.<\/p>\n<p><span style=\"font-weight: 400;\">Le propri\u00e9taire n\u2019est responsable de l\u2019utilisation de la part des utilisateurs du mat\u00e9riel accessible dans ce site Web ni des actions qu&rsquo;il m\u00e8ne sur ce mat\u00e9riel. Le contenu du site Web a une nature g\u00e9n\u00e9rale et \u00e0 des fins strictement informatives<\/span>.<\/p>\n<p><span style=\"font-weight: 400;\">Le propri\u00e9taire ne sera pas responsable du contenu ou du fonctionnement des sites web des tiers auxquels l\u2019utilisateur du commerce d\u2019acc\u00e8s puisse acc\u00e9der par tous les types des liens<\/span>.<\/p>\n<p><span style=\"font-weight: 400;\">Le propri\u00e9taire refuse toute responsabilit\u00e9, jusqu\u2019\u00e0 les limites de l\u2019ordre juridique, par les dommages et pertes r\u00e9sultant de la pr\u00e9sence des virus, des actions de la part des tiers qui violent les droits de propri\u00e9t\u00e9 sur l&rsquo;honneur, la vie priv\u00e9e ou la publicit\u00e9 illicite<\/span>.<\/p>\n<p><span style=\"font-weight: 400;\">Si un utilisateur ou tiers consid\u00e8re qu\u2019il est en train de s\u2019engager un incident quelconque dans le site Web, il doit d\u2019envoyer une notification au propri\u00e9taire \u00e0 l&rsquo;adresse \u00e9lectronique qui apparaitre dans notre donn\u00e9s indicatifs. Vous devez vous identifier convenablement en pr\u00e9cisant les faits que vous d\u00e9noncez.<\/span><\/p>\n<p>&nbsp;<\/p>\n<p><strong>7. <b>Politique de confidentialit\u00e9<\/b>.<\/strong><\/p>\n<p><span style=\"font-weight: 400;\">Dans le cas o\u00f9 les donn\u00e9s personnelles ont \u00e9t\u00e9 collect\u00e9es, le propri\u00e9taire sera responsable de ceux-ci et il les traitera avec une confidentialit\u00e9 et une s\u00e9curit\u00e9 absolue. Vous pourrez trouver plus d&rsquo;information sur notre politique de confidentialit\u00e9 et protection des donn\u00e9es et cookies dans la page sp\u00e9cifique d\u2019information sur cette question.<\/span><\/p>\n<p>&nbsp;<\/p>\n<p><strong>8. <b>L\u00e9gislation applicable, r\u00e9solution de probl\u00e8mes et juridiction comp\u00e9tente<\/b><\/strong><\/p>\n<p><span style=\"font-weight: 400;\">L\u2019utilisation du site Web sera r\u00e9gie par la l\u00e9gislation espagnole.\u00a0 Tout litige d\u00e9coulant de l&rsquo;utilisation de ce site Web ou en rapport avec celle-ci soumis \u00e0 la juridiction non exclusive des Cours et Tribunaux de la municipalit\u00e9 o\u00f9 se trouve le si\u00e8ge social du propri\u00e9taire, sauf si la r\u00e9glementation en vigueur ou le code de conduite \u00e9tablit une juridiction diff\u00e9rente<\/span>.<\/p>\n","protected":false},"excerpt":{"rendered":"<p>AVIS JURIDIQUE 1.\u00a0Propri\u00e9t\u00e9 du site web. Gites.net (ci-apr\u00e8s d\u00e9nomm\u00e9 le site web) est propri\u00e9t\u00e9 exclusive du soci\u00e9t\u00e9 RuralRentals S.L (ci-apr\u00e8s d\u00e9nomm\u00e9 le propri\u00e9taire) avec domicile C\/Sauceda 10, 28050 Madrid (Espagne) avec le num\u00e9ro d\u2019identification fiscale B-87248290. Num\u00e9ro de t\u00e9l\u00e9phone :&hellip; <br \/><a class=\"read-more-button\" href=\"https:\/\/www.gites.net\/blog\/avis-juridique\">Savoir plus<\/a><\/p>\n","protected":false},"author":1,"featured_media":0,"parent":0,"menu_order":0,"comment_status":"closed","ping_status":"closed","template":"","meta":[],"_links":{"self":[{"href":"https:\/\/www.gites.net\/blog\/wp-json\/wp\/v2\/pages\/1467"}],"collection":[{"href":"https:\/\/www.gites.net\/blog\/wp-json\/wp\/v2\/pages"}],"about":[{"href":"https:\/\/www.gites.net\/blog\/wp-json\/wp\/v2\/types\/page"}],"author":[{"embeddable":true,"href":"https:\/\/www.gites.net\/blog\/wp-json\/wp\/v2\/users\/1"}],"replies":[{"embeddable":true,"href":"https:\/\/www.gites.net\/blog\/wp-json\/wp\/v2\/comments?post=1467"}],"version-history":[{"count":6,"href":"https:\/\/www.gites.net\/blog\/wp-json\/wp\/v2\/pages\/1467\/revisions"}],"predecessor-version":[{"id":9025,"href":"https:\/\/www.gites.net\/blog\/wp-json\/wp\/v2\/pages\/1467\/revisions\/9025"}],"wp:attachment":[{"href":"https:\/\/www.gites.net\/blog\/wp-json\/wp\/v2\/media?parent=1467"}],"curies":[{"name":"wp","href":"https:\/\/api.w.org\/{rel}","templated":true}]}}